{"id":1346,"date":"2022-04-28T13:25:23","date_gmt":"2022-04-28T13:25:23","guid":{"rendered":"https:\/\/groupeageco.ca\/portfolio\/quebec-dairy-highlights\/"},"modified":"2022-04-28T13:30:24","modified_gmt":"2022-04-28T13:30:24","slug":"quebec-dairy-highlights","status":"publish","type":"page","link":"https:\/\/groupeageco.ca\/en\/quebec-dairy-highlights\/","title":{"rendered":"Quebec Dairy Highlights"},"content":{"rendered":"[vc_row type=&#8221;full_width_content&#8221; full_screen_row_position=&#8221;middle&#8221; column_margin=&#8221;default&#8221; column_direction=&#8221;default&#8221; column_direction_tablet=&#8221;default&#8221; column_direction_phone=&#8221;default&#8221; bg_color=&#8221;#f4f4f4&#8243; scene_position=&#8221;center&#8221; constrain_group_1=&#8221;yes&#8221; text_color=&#8221;custom&#8221; custom_text_color=&#8221;#ffffff&#8221; text_align=&#8221;left&#8221; row_border_radius=&#8221;none&#8221; row_border_radius_applies=&#8221;bg&#8221; enable_gradient=&#8221;true&#8221; color_overlay=&#8221;#000000&#8243; color_overlay_2=&#8221;#8ebc3f&#8221; overlay_strength=&#8221;0.3&#8243; gradient_direction=&#8221;left_to_right&#8221; shape_divider_position=&#8221;bottom&#8221; bg_image_animation=&#8221;none&#8221; shape_type=&#8221;&#8221;][vc_column column_padding=&#8221;no-extra-padding&#8221; column_padding_tablet=&#8221;inherit&#8221; column_padding_phone=&#8221;inherit&#8221; column_padding_position=&#8221;all&#8221; background_color_opacity=&#8221;1&#8243; background_hover_color_opacity=&#8221;1&#8243; column_shadow=&#8221;none&#8221; column_border_radius=&#8221;none&#8221; column_link_target=&#8221;_self&#8221; gradient_direction=&#8221;left_to_right&#8221; overlay_strength=&#8221;0.3&#8243; width=&#8221;1\/1&#8243; tablet_width_inherit=&#8221;default&#8221; tablet_text_alignment=&#8221;default&#8221; phone_text_alignment=&#8221;default&#8221; column_border_width=&#8221;none&#8221; column_border_style=&#8221;solid&#8221; bg_image_animation=&#8221;none&#8221; enable_animation=&#8221;true&#8221; animation=&#8221;fade-in-from-left&#8221;]<style type=\"text\/css\">#nectar-slider-instance-1, #nectar-slider-instance-1 .swiper-container { min-height: 400px; } #nectar-slider-instance-1, #nectar-slider-instance-1 .swiper-container { height: calc( 700 * 100vw \/ 1600 ); } <\/style><div  data-transition=\"slide\" data-overall_style=\"classic\" data-flexible-height=\"true\" data-animate-in-effect=\"none\" data-fullscreen=\"false\" data-button-sizing=\"regular\" data-button-styling=\"btn_with_count\" data-autorotate=\"\" data-parallax=\"false\" data-parallax-disable-mobile=\"\" data-caption-trans=\"fade_in_from_bottom\" data-parallax-style=\"bg_only\" data-bg-animation=\"none\" data-full-width=\"true\" class=\"nectar-slider-wrap \" id=\"nectar-slider-instance-1\"><div class=\"swiper-container\"  data-tho=\"auto\" data-tco=\"auto\" data-pho=\"auto\" data-pco=\"auto\" data-loop=\"false\" data-height=\"700\" data-min-height=\"400\" data-arrows=\"false\" data-bullets=\"false\" data-bullet_style=\"see_through\" data-bullet_position=\"bottom\" data-desktop-swipe=\"false\" data-settings=\"\"> <div class=\"swiper-wrapper\"><div class=\"swiper-slide\" data-desktop-content-width=\"60%\" data-tablet-content-width=\"80%\" data-bg-alignment=\"center\" data-color-scheme=\"light\" data-x-pos=\"left\" data-y-pos=\"middle\" ><div class=\"slide-bg-wrap\"><div class=\"image-bg\" style=\"background-image: url(https:\/\/groupeageco.ca\/wp-content\/uploads\/Groupe-Ageco-Services-Faits-saillants-laitiers.jpg);\"> &nbsp; <\/div><\/div><div class=\"container\">\n\t\t\t\t\t\t<div class=\"content\"><h2 class=\"ns-heading-el\">Quebec Dairy Highlights<\/h2><\/div>\n\t\t\t\t\t\t\t\t<\/div><!--\/container--><div class=\"video-texture \"> <span class=\"ie-fix\"><\/span> <\/div><\/div> <!--\/swiper-slide--><\/div><div class=\"nectar-slider-loading \"> <span class=\"loading-icon none\">   <\/span> <\/div> <\/div> \n\t\t\t\t\t\n\t\t\t\t\t<\/div>[\/vc_column][\/vc_row][vc_row type=&#8221;full_width_background&#8221; full_screen_row_position=&#8221;middle&#8221; column_margin=&#8221;default&#8221; equal_height=&#8221;yes&#8221; content_placement=&#8221;middle&#8221; column_direction=&#8221;default&#8221; column_direction_tablet=&#8221;default&#8221; column_direction_phone=&#8221;default&#8221; scene_position=&#8221;center&#8221; top_padding=&#8221;7%&#8221; bottom_padding=&#8221;1%&#8221; text_color=&#8221;dark&#8221; text_align=&#8221;left&#8221; row_border_radius=&#8221;none&#8221; row_border_radius_applies=&#8221;bg&#8221; overlay_strength=&#8221;0.3&#8243; gradient_direction=&#8221;left_to_right&#8221; shape_divider_position=&#8221;bottom&#8221; bg_image_animation=&#8221;none&#8221; shape_type=&#8221;&#8221;][vc_column column_padding=&#8221;no-extra-padding&#8221; column_padding_tablet=&#8221;inherit&#8221; column_padding_phone=&#8221;inherit&#8221; column_padding_position=&#8221;all&#8221; background_color_opacity=&#8221;1&#8243; background_hover_color_opacity=&#8221;1&#8243; column_shadow=&#8221;none&#8221; column_border_radius=&#8221;none&#8221; column_link_target=&#8221;_self&#8221; gradient_direction=&#8221;left_to_right&#8221; overlay_strength=&#8221;0.3&#8243; width=&#8221;1\/1&#8243; tablet_width_inherit=&#8221;default&#8221; tablet_text_alignment=&#8221;default&#8221; phone_text_alignment=&#8221;default&#8221; column_border_width=&#8221;none&#8221; column_border_style=&#8221;solid&#8221; bg_image_animation=&#8221;none&#8221;][vc_column_text css=&#8221;.vc_custom_1649883653361{padding-bottom: 3% !important;}&#8221;]\n<h1>These dairy statistics tables were produced by Groupe AG\u00c9CO as commissioned by the Producteurs de lait du Qu\u00e9bec (in French only).<\/h1>\n<p>Last update: December 17, 2020[\/vc_column_text][\/vc_column][\/vc_row][vc_row type=&#8221;full_width_background&#8221; full_screen_row_position=&#8221;middle&#8221; column_margin=&#8221;default&#8221; equal_height=&#8221;yes&#8221; content_placement=&#8221;top&#8221; column_direction=&#8221;default&#8221; column_direction_tablet=&#8221;default&#8221; column_direction_phone=&#8221;default&#8221; scene_position=&#8221;center&#8221; bottom_padding=&#8221;1%&#8221; text_color=&#8221;dark&#8221; text_align=&#8221;left&#8221; row_border_radius=&#8221;none&#8221; row_border_radius_applies=&#8221;bg&#8221; overlay_strength=&#8221;0.3&#8243; gradient_direction=&#8221;left_to_right&#8221; shape_divider_position=&#8221;bottom&#8221; bg_image_animation=&#8221;none&#8221; shape_type=&#8221;&#8221;][vc_column column_padding=&#8221;no-extra-padding&#8221; column_padding_tablet=&#8221;inherit&#8221; column_padding_phone=&#8221;inherit&#8221; column_padding_position=&#8221;right&#8221; background_color_opacity=&#8221;1&#8243; background_hover_color_opacity=&#8221;1&#8243; column_shadow=&#8221;none&#8221; column_border_radius=&#8221;none&#8221; column_link_target=&#8221;_self&#8221; gradient_direction=&#8221;left_to_right&#8221; overlay_strength=&#8221;0.3&#8243; width=&#8221;1\/3&#8243; tablet_width_inherit=&#8221;default&#8221; tablet_text_alignment=&#8221;default&#8221; phone_text_alignment=&#8221;default&#8221; column_border_width=&#8221;none&#8221; column_border_style=&#8221;solid&#8221; bg_image_animation=&#8221;none&#8221;][vc_column_text css=&#8221;.vc_custom_1649883592060{padding-bottom: 30px !important;}&#8221;]\n<h3>Production<\/h3>\n[\/vc_column_text][toggles style=&#8221;default&#8221;][toggle color=&#8221;Accent-Color&#8221; title=&#8221;Nombre de producteurs&#8221;]<div class=\"nectar-fancy-ul\" data-list-icon=\"fa fa-paperclip\" data-animation=\"true\" data-animation-delay=\"0\" data-color=\"accent-color\" data-spacing=\"default\" data-alignment=\"left\"> \n<ul>\n<li><span style=\"color: #5c5d5e;\"><a style=\"color: #5c5d5e;\" href=\"https:\/\/groupeageco.ca\/fr\/pdf\/stat\/PN1.xls\" target=\"_blank\" rel=\"noopener\">Nombre de producteurs de lait par province, Canada <\/a><\/span><\/li>\n<li><span style=\"color: #5c5d5e;\"><a style=\"color: #5c5d5e;\" href=\"https:\/\/groupeageco.ca\/fr\/pdf\/stat\/PN2.xls\" target=\"_blank\" rel=\"noopener\">Nombre de producteurs de lait par r\u00e9gion administrative, Qu\u00e9bec<\/a><\/span><\/li>\n<li><span style=\"color: #5c5d5e;\"><a style=\"color: #5c5d5e;\" href=\"https:\/\/groupeageco.ca\/fr\/pdf\/stat\/PN3.xls\" target=\"_blank\" rel=\"noopener\">Nombre de producteurs de lait par r\u00e9gion agricole (PLQ), Qu\u00e9bec<\/a><\/span><\/li>\n<li><span style=\"color: #5c5d5e;\"><a style=\"color: #5c5d5e;\" href=\"https:\/\/groupeageco.ca\/fr\/pdf\/stat\/PN4.xls\" target=\"_blank\" rel=\"noopener\">Nombre de producteurs de lait et quota total disponible par strate de quota, Qu\u00e9bec<\/a><\/span><\/li>\n<\/ul>\n <\/div>[\/toggle][toggle color=&#8221;Accent-Color&#8221; title=&#8221;Cheptel laitier&#8221;]<div class=\"nectar-fancy-ul\" data-list-icon=\"fa fa-paperclip\" data-animation=\"true\" data-animation-delay=\"0\" data-color=\"accent-color\" data-spacing=\"default\" data-alignment=\"left\"> \n<ul>\n<li><span style=\"color: #5c5d5e;\"><a style=\"color: #5c5d5e;\" href=\"https:\/\/groupeageco.ca\/fr\/pdf\/stat\/PCL1.xls\" target=\"_blank\" rel=\"noopener\">Nombre de vaches laiti\u00e8res recens\u00e9es dans les fermes selon les r\u00e9gions agricoles de recensement, Qu\u00e9bec<\/a><\/span><\/li>\n<li><span style=\"color: #5c5d5e;\"><a style=\"color: #5c5d5e;\" href=\"https:\/\/groupeageco.ca\/fr\/pdf\/stat\/PCL2.xls\" target=\"_blank\" rel=\"noopener\">Nombre de fermes recens\u00e9es ayant d\u00e9clar\u00e9 des vaches laiti\u00e8res par taille de troupeaux et par province, Canada<\/a><\/span><\/li>\n<li><span style=\"color: #5c5d5e;\"><a style=\"color: #5c5d5e;\" href=\"https:\/\/groupeageco.ca\/fr\/pdf\/stat\/PCL3.xls\" target=\"_blank\" rel=\"noopener\">Nombre moyen de vaches laiti\u00e8res par ferme et par province au 1er juillet, Canada<\/a><\/span><\/li>\n<li><span style=\"color: #5c5d5e;\"><a style=\"color: #5c5d5e;\" href=\"https:\/\/groupeageco.ca\/fr\/pdf\/stat\/PCL4.xls\" target=\"_blank\" rel=\"noopener\">Nombre de troupeaux inscrits au contr\u00f4le laitier chez Valacta, par r\u00e9gion administrative, Qu\u00e9bec<\/a><\/span><\/li>\n<\/ul>\n <\/div>[\/toggle][toggle color=&#8221;Accent-Color&#8221; title=&#8221;Production laiti\u00e8re&#8221;]<div class=\"nectar-fancy-ul\" data-list-icon=\"fa fa-paperclip\" data-animation=\"true\" data-animation-delay=\"0\" data-color=\"accent-color\" data-spacing=\"default\" data-alignment=\"left\"> \n<ul>\n<li><span style=\"color: #5c5d5e;\"><a style=\"color: #5c5d5e;\" href=\"https:\/\/groupeageco.ca\/fr\/pdf\/stat\/PPL1.xls\" target=\"_blank\" rel=\"noopener\">Production moyenne par vache chez Valacta, aux options non supervis\u00e9e et supervis\u00e9e, par r\u00e9gion administrative, Qu\u00e9bec<\/a><\/span><\/li>\n<li><span style=\"color: #5c5d5e;\"><a style=\"color: #5c5d5e;\" href=\"https:\/\/groupeageco.ca\/fr\/pdf\/stat\/PPL2.xls\" target=\"_blank\" rel=\"noopener\">Production de lait par r\u00e9gion administrative, Qu\u00e9bec<\/a><\/span><\/li>\n<li><span style=\"color: #5c5d5e;\"><a style=\"color: #5c5d5e;\" href=\"https:\/\/groupeageco.ca\/fr\/pdf\/stat\/PPL3.xls\" target=\"_blank\" rel=\"noopener\">Production moyenne par vache et par r\u00e9gion agricole, Qu\u00e9bec<\/a><\/span><\/li>\n<li><span style=\"color: #5c5d5e;\"><a style=\"color: #5c5d5e;\" href=\"https:\/\/groupeageco.ca\/fr\/pdf\/stat\/PPL4.xls\" target=\"_blank\" rel=\"noopener\">\u00c9volution de la production laiti\u00e8re biologique, Qu\u00e9bec<\/a><\/span><\/li>\n<\/ul>\n <\/div>[\/toggle][toggle color=&#8221;Accent-Color&#8221; title=&#8221;Quotas&#8221;]<div class=\"nectar-fancy-ul\" data-list-icon=\"fa fa-paperclip\" data-animation=\"true\" data-animation-delay=\"0\" data-color=\"accent-color\" data-spacing=\"default\" data-alignment=\"left\"> \n<ul>\n<li><span style=\"color: #5c5d5e;\"><a style=\"color: #5c5d5e;\" href=\"https:\/\/groupeageco.ca\/fr\/pdf\/stat\/PQ1.xls\" target=\"_blank\" rel=\"noopener\">R\u00e9partition du quota de mise en march\u00e9 du lait de transformation par province, Canada<\/a><\/span><\/li>\n<li><span style=\"color: #5c5d5e;\"><a style=\"color: #5c5d5e;\" href=\"https:\/\/groupeageco.ca\/fr\/pdf\/stat\/PQ2.xls\" target=\"_blank\" rel=\"noopener\">Suivi du quota continu, Canada<\/a><\/span><\/li>\n<li><span style=\"color: #5c5d5e;\"><a style=\"color: #5c5d5e;\" href=\"https:\/\/groupeageco.ca\/fr\/pdf\/stat\/PQ3.xls\" target=\"_blank\" rel=\"noopener\">R\u00e9partition des utilisations de lait par province, Canada<\/a><\/span><\/li>\n<li><span style=\"color: #5c5d5e;\"><a style=\"color: #5c5d5e;\" href=\"https:\/\/groupeageco.ca\/fr\/pdf\/stat\/PQ4.xls\" target=\"_blank\" rel=\"noopener\">Prix du quota de lait par province, Canada<\/a><\/span><\/li>\n<li><span style=\"color: #5c5d5e;\"><a style=\"color: #5c5d5e;\" href=\"https:\/\/groupeageco.ca\/fr\/pdf\/stat\/PQ5.xls\" target=\"_blank\" rel=\"noopener\">R\u00e9partition du quota total d\u00e9tenu par les producteurs de lait par r\u00e9gion agricole (PLQ), Qu\u00e9bec<\/a><\/span><\/li>\n<li><span style=\"color: #5c5d5e;\"><a style=\"color: #5c5d5e;\" href=\"https:\/\/groupeageco.ca\/fr\/pdf\/stat\/PQ6.xls\" target=\"_blank\" rel=\"noopener\">Prix moyen du quota et quantit\u00e9 totale \u00e9chang\u00e9e sur le syst\u00e8me centralis\u00e9 de vente de quota, Qu\u00e9bec<\/a><\/span><\/li>\n<li><span style=\"color: #5c5d5e;\"><a style=\"color: #5c5d5e;\" href=\"https:\/\/groupeageco.ca\/fr\/pdf\/stat\/PQ7.xls\" target=\"_blank\" rel=\"noopener\">\u00c9volution de l\u2019\u00e9cr\u00e9mage par province, Canada<\/a><\/span><\/li>\n<\/ul>\n <\/div>[\/toggle][toggle color=&#8221;Accent-Color&#8221; title=&#8221;Prix et frais de mise en march\u00e9&#8221;]<div class=\"nectar-fancy-ul\" data-list-icon=\"fa fa-paperclip\" data-animation=\"true\" data-animation-delay=\"0\" data-color=\"accent-color\" data-spacing=\"default\" data-alignment=\"left\"> \n<ul>\n<li><span style=\"color: #5c5d5e;\"><a style=\"color: #5c5d5e;\" href=\"https:\/\/groupeageco.ca\/fr\/pdf\/stat\/PPF3.xls\" target=\"_blank\" rel=\"noopener\">Prix pay\u00e9 \u00e0 la production, Qu\u00e9bec<\/a><\/span><\/li>\n<li><span style=\"color: #5c5d5e;\"><a style=\"color: #5c5d5e;\" href=\"https:\/\/groupeageco.ca\/fr\/pdf\/stat\/PPF4.xls\" target=\"_blank\" rel=\"noopener\">Financement des activit\u00e9s des Producteurs de lait du Qu\u00e9bec<\/a><\/span><\/li>\n<li><span style=\"color: #5c5d5e;\"><a style=\"color: #5c5d5e;\" href=\"https:\/\/groupeageco.ca\/fr\/pdf\/stat\/PPF5.xls\" target=\"_blank\" rel=\"noopener\">Recettes moyennes du lait par province, Canada<\/a><\/span><\/li>\n<li><span style=\"color: #5c5d5e;\"><a style=\"color: #5c5d5e;\" href=\"https:\/\/groupeageco.ca\/fr\/pdf\/stat\/PPF6.xls\" target=\"_blank\" rel=\"noopener\">Prix moyen r\u00e9sultant des revenus des ventes dans le cadre de l\u2019entente de mise en commun de tout le lait commun\u00e9ment appel\u00e9 P5<\/a><\/span><\/li>\n<li><span style=\"color: #5c5d5e;\"><a style=\"color: #5c5d5e;\" href=\"https:\/\/groupeageco.ca\/fr\/pdf\/stat\/PPF10.xls\" target=\"_blank\" rel=\"noopener\">Prix de soutien de la Commission canadienne du lait, Canada<\/a><\/span><\/li>\n<\/ul>\n <\/div>[\/toggle][toggle color=&#8221;Accent-Color&#8221; title=&#8221;Qualit\u00e9 et composition du lait&#8221;]<div class=\"nectar-fancy-ul\" data-list-icon=\"fa fa-paperclip\" data-animation=\"true\" data-animation-delay=\"0\" data-color=\"accent-color\" data-spacing=\"default\" data-alignment=\"left\"> \n<ul>\n<li><span style=\"color: #5c5d5e;\"><a style=\"color: #5c5d5e;\" href=\"https:\/\/groupeageco.ca\/fr\/pdf\/stat\/PQC1.xlsx\" target=\"_blank\" rel=\"noopener\">Teneur mensuelle du lait en mati\u00e8re grasse, Qu\u00e9bec<\/a><\/span><\/li>\n<li><span style=\"color: #5c5d5e;\"><a style=\"color: #5c5d5e;\" href=\"https:\/\/groupeageco.ca\/fr\/pdf\/stat\/PQC2.xls\" target=\"_blank\" rel=\"noopener\">Teneur mensuelle du lait en prot\u00e9ine, Qu\u00e9bec<\/a><\/span><\/li>\n<li><span style=\"color: #5c5d5e;\"><a style=\"color: #5c5d5e;\" href=\"https:\/\/groupeageco.ca\/fr\/pdf\/stat\/PQC3.xls\" target=\"_blank\" rel=\"noopener\">Teneur mensuelle du lait en lactose, Qu\u00e9bec<\/a><\/span><\/li>\n<li><span style=\"color: #5c5d5e;\"><a style=\"color: #5c5d5e;\" href=\"https:\/\/groupeageco.ca\/fr\/pdf\/stat\/PQC4.xls\" target=\"_blank\" rel=\"noopener\">Teneur mensuelle du lait en solides totaux, Qu\u00e9bec<\/a><\/span><\/li>\n<li><span style=\"color: #5c5d5e;\"><a style=\"color: #5c5d5e;\" href=\"https:\/\/groupeageco.ca\/fr\/pdf\/stat\/PQC5.xls\" target=\"_blank\" rel=\"noopener\">Teneur moyenne du lait en mati\u00e8re grasse par r\u00e9gion agricole (PLQ), Qu\u00e9bec<\/a><\/span><\/li>\n<li><span style=\"color: #5c5d5e;\"><a style=\"color: #5c5d5e;\" href=\"https:\/\/groupeageco.ca\/fr\/pdf\/stat\/PQC6.xls\" target=\"_blank\" rel=\"noopener\">Teneur moyenne du lait en prot\u00e9ine par r\u00e9gion agricole (PLQ), Qu\u00e9bec<\/a><\/span><\/li>\n<li><span style=\"color: #5c5d5e;\"><a style=\"color: #5c5d5e;\" href=\"https:\/\/groupeageco.ca\/fr\/pdf\/stat\/PQC7.xls\" target=\"_blank\" rel=\"noopener\">Teneur moyenne du lait en lactose par r\u00e9gion agricole (PLQ), Qu\u00e9bec<\/a><\/span><\/li>\n<li><span style=\"color: #5c5d5e;\"><a style=\"color: #5c5d5e;\" href=\"https:\/\/groupeageco.ca\/fr\/pdf\/stat\/PQC8.xls\" target=\"_blank\" rel=\"noopener\">Teneur moyenne du lait en solides totaux par r\u00e9gion agricole (PLQ), Qu\u00e9bec<\/a><\/span><\/li>\n<li><span style=\"color: #5c5d5e;\"><a style=\"color: #5c5d5e;\" href=\"https:\/\/groupeageco.ca\/fr\/pdf\/stat\/PQC9.xls\" target=\"_blank\" rel=\"noopener\">Qualit\u00e9 du lait livr\u00e9, Qu\u00e9bec<\/a><\/span><\/li>\n<\/ul>\n <\/div>[\/toggle][\/toggles][\/vc_column][vc_column column_padding=&#8221;no-extra-padding&#8221; column_padding_tablet=&#8221;inherit&#8221; column_padding_phone=&#8221;inherit&#8221; column_padding_position=&#8221;all&#8221; background_color_opacity=&#8221;1&#8243; background_hover_color_opacity=&#8221;1&#8243; column_shadow=&#8221;none&#8221; column_border_radius=&#8221;none&#8221; column_link_target=&#8221;_self&#8221; gradient_direction=&#8221;left_to_right&#8221; overlay_strength=&#8221;0.3&#8243; width=&#8221;1\/3&#8243; tablet_width_inherit=&#8221;default&#8221; tablet_text_alignment=&#8221;default&#8221; phone_text_alignment=&#8221;default&#8221; column_border_width=&#8221;none&#8221; column_border_style=&#8221;solid&#8221; bg_image_animation=&#8221;none&#8221;][vc_column_text css=&#8221;.vc_custom_1649883598956{padding-bottom: 30px !important;}&#8221;]\n<h3>Transformation<\/h3>\n[\/vc_column_text][toggles style=&#8221;default&#8221;][toggle color=&#8221;Accent-Color&#8221; title=&#8221;Structure du secteur&#8221;]<div class=\"nectar-fancy-ul\" data-list-icon=\"fa fa-paperclip\" data-animation=\"true\" data-animation-delay=\"0\" data-color=\"accent-color\" data-spacing=\"default\" data-alignment=\"left\"> \n<ul>\n<li><b><\/b><span style=\"color: #5c5d5e;\"><a style=\"color: #5c5d5e;\" href=\"https:\/\/groupeageco.ca\/fr\/pdf\/stat\/TS4.xls\" target=\"_blank\" rel=\"noopener\">Caract\u00e9ristiques des entreprises de fabrication de produits laitiers, Qu\u00e9bec<\/a><\/span><\/li>\n<\/ul>\n <\/div>[\/toggle][toggle color=&#8221;Accent-Color&#8221; title=&#8221;Commerce et fabrication&#8221;]<div class=\"nectar-fancy-ul\" data-list-icon=\"fa fa-paperclip\" data-animation=\"true\" data-animation-delay=\"0\" data-color=\"accent-color\" data-spacing=\"default\" data-alignment=\"left\"> \n<ul>\n<li><span style=\"color: #5c5d5e;\"><a style=\"color: #5c5d5e;\" href=\"https:\/\/groupeageco.ca\/fr\/pdf\/stat\/TC2.xls\" target=\"_blank\" rel=\"noopener\">Ventes commerciales annuelles de lait et de cr\u00e8me de consommation, Qu\u00e9bec<\/a><\/span><\/li>\n<li><span style=\"color: #5c5d5e;\"><a style=\"color: #5c5d5e;\" href=\"https:\/\/groupeageco.ca\/fr\/pdf\/stat\/TC3.xls\" target=\"_blank\" rel=\"noopener\">Production annuelle des produits et sous-produits du lait, Qu\u00e9bec<\/a><\/span><\/li>\n<li><span style=\"color: #5c5d5e;\"><a style=\"color: #5c5d5e;\" href=\"https:\/\/groupeageco.ca\/fr\/pdf\/stat\/TC5.xls\" target=\"_blank\" rel=\"noopener\">Production annuelle de fromages fins, Qu\u00e9bec<\/a><\/span><\/li>\n<li><span style=\"color: #5c5d5e;\"><a style=\"color: #5c5d5e;\" href=\"https:\/\/groupeageco.ca\/fr\/pdf\/stat\/TC6.pdf\" target=\"_blank\" rel=\"noopener\">Facteurs de conversion<\/a><\/span><\/li>\n<\/ul>\n <\/div>[\/toggle][\/toggles][\/vc_column][vc_column column_padding=&#8221;no-extra-padding&#8221; column_padding_tablet=&#8221;inherit&#8221; column_padding_phone=&#8221;inherit&#8221; column_padding_position=&#8221;all&#8221; background_color_opacity=&#8221;1&#8243; background_hover_color_opacity=&#8221;1&#8243; column_shadow=&#8221;none&#8221; column_border_radius=&#8221;none&#8221; column_link_target=&#8221;_self&#8221; gradient_direction=&#8221;left_to_right&#8221; overlay_strength=&#8221;0.3&#8243; width=&#8221;1\/3&#8243; tablet_width_inherit=&#8221;default&#8221; tablet_text_alignment=&#8221;default&#8221; phone_text_alignment=&#8221;default&#8221; column_border_width=&#8221;none&#8221; column_border_style=&#8221;solid&#8221; bg_image_animation=&#8221;none&#8221;][vc_column_text css=&#8221;.vc_custom_1649883617180{padding-bottom: 30px !important;}&#8221;]\n<h3>Consommation<\/h3>\n[\/vc_column_text][toggles style=&#8221;default&#8221;][toggle color=&#8221;Accent-Color&#8221; title=&#8221;Consommation en quantit\u00e9&#8221;]<div class=\"nectar-fancy-ul\" data-list-icon=\"fa fa-paperclip\" data-animation=\"true\" data-animation-delay=\"0\" data-color=\"accent-color\" data-spacing=\"default\" data-alignment=\"left\"> \n<ul>\n<li><span style=\"color: #5c5d5e;\"><a style=\"color: #5c5d5e;\" href=\"https:\/\/groupeageco.ca\/fr\/pdf\/stat\/CC1.xls\" target=\"_blank\" rel=\"noopener\">Consommation apparente des principaux produits et sous-produits du lait, Canada<\/a><\/span><\/li>\n<li><span style=\"color: #5c5d5e;\"><a style=\"color: #5c5d5e;\" href=\"https:\/\/groupeageco.ca\/fr\/pdf\/stat\/CC2.xls\" target=\"_blank\" rel=\"noopener\">Consommation per capita des principaux produits et sous-produits du lait, Canada<\/a><\/span><\/li>\n<li><span style=\"color: #5c5d5e;\"><a style=\"color: #5c5d5e;\" href=\"https:\/\/groupeageco.ca\/fr\/pdf\/stat\/CC3.xls\" target=\"_blank\" rel=\"noopener\">Consommation de beurre et de margarine, Canada<\/a><\/span><\/li>\n<li><span style=\"color: #5c5d5e;\"><a style=\"color: #5c5d5e;\" href=\"https:\/\/groupeageco.ca\/fr\/pdf\/stat\/CC4.xls\" target=\"_blank\" rel=\"noopener\">Ventes de lait de consommation per capita, Canada<\/a><\/span><\/li>\n<li><span style=\"color: #5c5d5e;\"><a style=\"color: #5c5d5e;\" href=\"https:\/\/groupeageco.ca\/fr\/pdf\/stat\/CC5.xls\" target=\"_blank\" rel=\"noopener\">Ventes de lait de consommation per capita, Qu\u00e9bec<\/a><\/span><\/li>\n<\/ul>\n <\/div>[\/toggle][toggle color=&#8221;Accent-Color&#8221; title=&#8221;Prix de gros et de d\u00e9tail&#8221;]<div class=\"nectar-fancy-ul\" data-list-icon=\"fa fa-paperclip\" data-animation=\"true\" data-animation-delay=\"0\" data-color=\"accent-color\" data-spacing=\"default\" data-alignment=\"left\"> \n<ul>\n<li><span style=\"color: #5c5d5e;\"><a style=\"color: #5c5d5e;\" href=\"https:\/\/groupeageco.ca\/fr\/pdf\/stat\/CP1.xls\" target=\"_blank\" rel=\"noopener\">Prix de d\u00e9tail moyens de diff\u00e9rents produits laitiers<\/a><\/span><\/li>\n<li><span style=\"color: #5c5d5e;\"><a style=\"color: #5c5d5e;\" href=\"https:\/\/groupeageco.ca\/fr\/pdf\/stat\/CP2.xls\" target=\"_blank\" rel=\"noopener\">Prix de vente du lait de consommation selon le contenant, Qu\u00e9bec<\/a><\/span><\/li>\n<\/ul>\n <\/div>[\/toggle][toggle color=&#8221;Accent-Color&#8221; title=&#8221;D\u00e9penses de consommation&#8221;]<div class=\"nectar-fancy-ul\" data-list-icon=\"fa fa-paperclip\" data-animation=\"true\" data-animation-delay=\"0\" data-color=\"accent-color\" data-spacing=\"default\" data-alignment=\"left\"> \n<ul>\n<li><span style=\"color: #5c5d5e;\"><a style=\"color: #5c5d5e;\" href=\"https:\/\/groupeageco.ca\/fr\/pdf\/stat\/CD1.xls\" target=\"_blank\" rel=\"noopener\">Indice des prix \u00e0 la consommation des produits laitiers, panier 2005, Qu\u00e9bec<\/a><\/span><\/li>\n<li><span style=\"color: #5c5d5e;\"><a style=\"color: #5c5d5e;\" href=\"https:\/\/groupeageco.ca\/fr\/pdf\/stat\/CD2.xls\" target=\"_blank\" rel=\"noopener\">Indice des prix \u00e0 la consommation des produits laitiers, panier 2005, Canada<\/a><\/span><\/li>\n<li><span style=\"color: #5c5d5e;\"><a style=\"color: #5c5d5e;\" href=\"https:\/\/groupeageco.ca\/fr\/pdf\/stat\/CD3.xls\" target=\"_blank\" rel=\"noopener\">Temps de travail n\u00e9cessaire \u00e0 l\u2019achat de certains produits laitiers, Canada<\/a><\/span><\/li>\n<\/ul>\n <\/div>[\/toggle][\/toggles][\/vc_column][\/vc_row][vc_row type=&#8221;full_width_background&#8221; full_screen_row_position=&#8221;middle&#8221; column_margin=&#8221;default&#8221; equal_height=&#8221;yes&#8221; content_placement=&#8221;top&#8221; column_direction=&#8221;default&#8221; column_direction_tablet=&#8221;default&#8221; column_direction_phone=&#8221;default&#8221; scene_position=&#8221;center&#8221; bottom_padding=&#8221;7%&#8221; text_color=&#8221;dark&#8221; text_align=&#8221;left&#8221; row_border_radius=&#8221;none&#8221; row_border_radius_applies=&#8221;bg&#8221; overlay_strength=&#8221;0.3&#8243; gradient_direction=&#8221;left_to_right&#8221; shape_divider_position=&#8221;bottom&#8221; bg_image_animation=&#8221;none&#8221; shape_type=&#8221;&#8221;][vc_column column_padding=&#8221;no-extra-padding&#8221; column_padding_tablet=&#8221;inherit&#8221; column_padding_phone=&#8221;inherit&#8221; column_padding_position=&#8221;right&#8221; background_color_opacity=&#8221;1&#8243; background_hover_color_opacity=&#8221;1&#8243; column_shadow=&#8221;none&#8221; column_border_radius=&#8221;none&#8221; column_link_target=&#8221;_self&#8221; gradient_direction=&#8221;left_to_right&#8221; overlay_strength=&#8221;0.3&#8243; width=&#8221;1\/1&#8243; tablet_width_inherit=&#8221;default&#8221; tablet_text_alignment=&#8221;default&#8221; phone_text_alignment=&#8221;default&#8221; column_border_width=&#8221;none&#8221; column_border_style=&#8221;solid&#8221; bg_image_animation=&#8221;none&#8221;][vc_column_text css=&#8221;.vc_custom_1649883623536{padding-bottom: 30px !important;}&#8221;]\n<h3>Au Qu\u00e9bec, au Canada et dans le monde<\/h3>\n[\/vc_column_text][toggles style=&#8221;default&#8221;][toggle color=&#8221;Accent-Color&#8221; title=&#8221;Consommation en quantit\u00e9&#8221;]<div class=\"nectar-fancy-ul\" data-list-icon=\"fa fa-paperclip\" data-animation=\"true\" data-animation-delay=\"0\" data-color=\"accent-color\" data-spacing=\"default\" data-alignment=\"left\"> \n<ul>\n<li><span style=\"color: #5c5d5e;\"><a style=\"color: #5c5d5e;\" href=\"https:\/\/groupeageco.ca\/fr\/pdf\/stat\/QCM1.xls\" target=\"_blank\" rel=\"noopener\">\u00c9volution des recettes laiti\u00e8res et des recettes mon\u00e9taires totales en agriculture, par province, Canada<\/a><\/span><\/li>\n<li><span style=\"color: #5c5d5e;\"><a style=\"color: #5c5d5e;\" href=\"https:\/\/groupeageco.ca\/fr\/pdf\/stat\/QCM2.xls\" target=\"_blank\" rel=\"noopener\">Structure financi\u00e8re des fermes laiti\u00e8res, Canada<\/a><\/span><\/li>\n<li><span style=\"color: #5c5d5e;\"><a style=\"color: #5c5d5e;\" href=\"https:\/\/groupeageco.ca\/fr\/pdf\/stat\/QCM3.xls\" target=\"_blank\" rel=\"noopener\">Fabrication de produits et de sous-produits du lait au Qu\u00e9bec et au Canada<\/a><\/span><\/li>\n<li><span style=\"color: #5c5d5e;\"><a style=\"color: #5c5d5e;\" href=\"https:\/\/groupeageco.ca\/fr\/pdf\/stat\/QCM4.xls\" target=\"_blank\" rel=\"noopener\">Importations internationales de fromage, Qu\u00e9bec<\/a><\/span><\/li>\n<li><span style=\"color: #5c5d5e;\"><a style=\"color: #5c5d5e;\" href=\"https:\/\/groupeageco.ca\/fr\/pdf\/stat\/QCM5.xls\" target=\"_blank\" rel=\"noopener\">Importations internationales de fromages, Canada<\/a><\/span><\/li>\n<li><span style=\"color: #5c5d5e;\"><a style=\"color: #5c5d5e;\" href=\"https:\/\/groupeageco.ca\/fr\/pdf\/stat\/QCM6.xls\" target=\"_blank\" rel=\"noopener\">Volume des importations et des exportations des produits et sous-produits du lait, Canada<\/a><\/span><\/li>\n<li><span style=\"color: #5c5d5e;\"><a style=\"color: #5c5d5e;\" href=\"https:\/\/groupeageco.ca\/fr\/pdf\/stat\/QCM7.xls\" target=\"_blank\" rel=\"noopener\">Volume et valeur des importations d\u2019ingr\u00e9dients de produits laitiers sans tarifs, Canada<\/a><\/span><\/li>\n<li><span style=\"color: #5c5d5e;\"><a style=\"color: #5c5d5e;\" href=\"https:\/\/groupeageco.ca\/fr\/pdf\/stat\/QCM8.xls\" target=\"_blank\" rel=\"noopener\">Caract\u00e9ristiques laiti\u00e8res g\u00e9n\u00e9rales, quelques r\u00e9gions<\/a><\/span><\/li>\n<li><span style=\"color: #5c5d5e;\"><a style=\"color: #5c5d5e;\" href=\"https:\/\/groupeageco.ca\/fr\/pdf\/stat\/QCM9.xls\" target=\"_blank\" rel=\"noopener\">\u00c9volution du prix effectif du lait re\u00e7u par le producteur en monnaie constante de 1995 et prix effectif re\u00e7u en 2004, quelques r\u00e9gions laiti\u00e8res<\/a><\/span><\/li>\n<li><span style=\"color: #5c5d5e;\"><a style=\"color: #5c5d5e;\" href=\"https:\/\/groupeageco.ca\/fr\/pdf\/stat\/QCM10.xls\" target=\"_blank\" rel=\"noopener\">Paiements directs sp\u00e9cifiques aux producteurs laitiers dans diff\u00e9rents pays<\/a><\/span><\/li>\n<li><span style=\"color: #5c5d5e;\"><a style=\"color: #5c5d5e;\" href=\"https:\/\/groupeageco.ca\/fr\/pdf\/stat\/QCM12.xls\" target=\"_blank\" rel=\"noopener\">Consommation per capita de diff\u00e9rents produits laitiers, quelques r\u00e9gions<\/a><\/span><\/li>\n<\/ul>\n <\/div>[\/toggle][\/toggles][\/vc_column][\/vc_row][vc_row type=&#8221;full_width_background&#8221; full_screen_row_position=&#8221;middle&#8221; column_margin=&#8221;default&#8221; column_direction=&#8221;default&#8221; column_direction_tablet=&#8221;default&#8221; column_direction_phone=&#8221;default&#8221; bg_color=&#8221;#000000&#8243; scene_position=&#8221;center&#8221; top_padding=&#8221;10%&#8221; constrain_group_1=&#8221;yes&#8221; bottom_padding=&#8221;10%&#8221; text_color=&#8221;dark&#8221; text_align=&#8221;left&#8221; row_border_radius=&#8221;none&#8221; row_border_radius_applies=&#8221;bg&#8221; overlay_strength=&#8221;0.3&#8243; gradient_direction=&#8221;left_to_right&#8221; shape_divider_position=&#8221;bottom&#8221; bg_image_animation=&#8221;none&#8221; shape_type=&#8221;&#8221;][vc_column column_padding=&#8221;no-extra-padding&#8221; column_padding_tablet=&#8221;inherit&#8221; column_padding_phone=&#8221;inherit&#8221; column_padding_position=&#8221;all&#8221; centered_text=&#8221;true&#8221; background_color_opacity=&#8221;1&#8243; background_hover_color_opacity=&#8221;1&#8243; column_shadow=&#8221;none&#8221; column_border_radius=&#8221;none&#8221; column_link_target=&#8221;_self&#8221; gradient_direction=&#8221;left_to_right&#8221; overlay_strength=&#8221;0.3&#8243; width=&#8221;1\/1&#8243; tablet_width_inherit=&#8221;default&#8221; tablet_text_alignment=&#8221;default&#8221; phone_text_alignment=&#8221;default&#8221; column_border_width=&#8221;none&#8221; column_border_style=&#8221;solid&#8221; bg_image_animation=&#8221;none&#8221;][vc_column_text]\n<h2 style=\"text-align: center;\"><span style=\"color: #8ebc3f;\">Looking for the perfect balance between expertise and a human approach?<\/span><\/h2>\n[\/vc_column_text][vc_column_text css=&#8221;.vc_custom_1629376025857{padding-top: 30px !important;}&#8221;]\n<h4 style=\"text-align: center;\"><span style=\"color: #f4f4f4;\">Contact Groupe AG\u00c9CO today!<\/span><\/h4>\n[\/vc_column_text][nectar_btn size=&#8221;jumbo&#8221; button_style=&#8221;see-through&#8221; button_color_2=&#8221;extra-color-gradient-1&#8243; icon_family=&#8221;none&#8221; text=&#8221;Contact us&#8221; url=&#8221;https:\/\/groupeageco.ca\/en\/contact-us\/&#8221; margin_top=&#8221;35px&#8221;][\/vc_column][\/vc_row]\n","protected":false},"excerpt":{"rendered":"<p>[vc_row type=&#8221;full_width_content&#8221; full_screen_row_position=&#8221;middle&#8221; column_margin=&#8221;default&#8221; column_direction=&#8221;default&#8221; column_direction_tablet=&#8221;default&#8221; column_direction_phone=&#8221;default&#8221; bg_color=&#8221;#f4f4f4&#8243; scene_position=&#8221;center&#8221; constrain_group_1=&#8221;yes&#8221; text_color=&#8221;custom&#8221; custom_text_color=&#8221;#ffffff&#8221; text_align=&#8221;left&#8221; row_border_radius=&#8221;none&#8221; row_border_radius_applies=&#8221;bg&#8221; enable_gradient=&#8221;true&#8221; color_overlay=&#8221;#000000&#8243; color_overlay_2=&#8221;#8ebc3f&#8221; overlay_strength=&#8221;0.3&#8243; gradient_direction=&#8221;left_to_right&#8221; shape_divider_position=&#8221;bottom&#8221; bg_image_animation=&#8221;none&#8221; shape_type=&#8221;&#8221;][vc_column column_padding=&#8221;no-extra-padding&#8221; column_padding_tablet=&#8221;inherit&#8221; column_padding_phone=&#8221;inherit&#8221; column_padding_position=&#8221;all&#8221; background_color_opacity=&#8221;1&#8243; background_hover_color_opacity=&#8221;1&#8243; column_shadow=&#8221;none&#8221;&#8230;<\/p>\n","protected":false},"author":1,"featured_media":0,"parent":0,"menu_order":0,"comment_status":"closed","ping_status":"closed","template":"","meta":{"footnotes":""},"class_list":["post-1346","page","type-page","status-publish"],"yoast_head":"<!-- This site is optimized with the Yoast SEO plugin v27.1.1 - https:\/\/yoast.com\/product\/yoast-seo-wordpress\/ -->\n<title>Groupe AG\u00c9CO | Quebec Dairy Highlights<\/title>\n<meta name=\"description\" content=\"These dairy statistics tables were produced by Groupe AG\u00c9CO as commissioned by the Producteurs de lait du Qu\u00e9bec (in French only).\" \/>\n<meta name=\"robots\" content=\"index, follow, max-snippet:-1, max-image-preview:large, max-video-preview:-1\" \/>\n<link rel=\"canonical\" href=\"https:\/\/groupeageco.ca\/en\/quebec-dairy-highlights\/\" \/>\n<meta property=\"og:locale\" content=\"en_US\" \/>\n<meta property=\"og:type\" content=\"article\" \/>\n<meta property=\"og:title\" content=\"Groupe AG\u00c9CO | Quebec Dairy Highlights\" \/>\n<meta property=\"og:description\" content=\"These dairy statistics tables were produced by Groupe AG\u00c9CO as commissioned by the Producteurs de lait du Qu\u00e9bec (in French only).\" \/>\n<meta property=\"og:url\" content=\"https:\/\/groupeageco.ca\/en\/quebec-dairy-highlights\/\" \/>\n<meta property=\"og:site_name\" content=\"Groupe AG\u00c9CO\" \/>\n<meta property=\"article:modified_time\" content=\"2022-04-28T13:30:24+00:00\" \/>\n<meta name=\"twitter:card\" content=\"summary_large_image\" \/>\n<meta name=\"twitter:label1\" content=\"Est. reading time\" \/>\n\t<meta name=\"twitter:data1\" content=\"10 minutes\" \/>\n<script type=\"application\/ld+json\" class=\"yoast-schema-graph\">{\"@context\":\"https:\/\/schema.org\",\"@graph\":[{\"@type\":\"WebPage\",\"@id\":\"https:\/\/groupeageco.ca\/en\/quebec-dairy-highlights\/\",\"url\":\"https:\/\/groupeageco.ca\/en\/quebec-dairy-highlights\/\",\"name\":\"Groupe AG\u00c9CO | Quebec Dairy Highlights\",\"isPartOf\":{\"@id\":\"https:\/\/groupeageco.ca\/en\/#website\"},\"datePublished\":\"2022-04-28T13:25:23+00:00\",\"dateModified\":\"2022-04-28T13:30:24+00:00\",\"description\":\"These dairy statistics tables were produced by Groupe AG\u00c9CO as commissioned by the Producteurs de lait du Qu\u00e9bec (in French only).\",\"inLanguage\":\"en-US\",\"potentialAction\":[{\"@type\":\"ReadAction\",\"target\":[\"https:\/\/groupeageco.ca\/en\/quebec-dairy-highlights\/\"]}]},{\"@type\":\"WebSite\",\"@id\":\"https:\/\/groupeageco.ca\/en\/#website\",\"url\":\"https:\/\/groupeageco.ca\/en\/\",\"name\":\"Groupe Ag\u00e9co\",\"description\":\"Groupe AG\u00c9CO\",\"publisher\":{\"@id\":\"https:\/\/groupeageco.ca\/en\/#organization\"},\"potentialAction\":[{\"@type\":\"SearchAction\",\"target\":{\"@type\":\"EntryPoint\",\"urlTemplate\":\"https:\/\/groupeageco.ca\/en\/?s={search_term_string}\"},\"query-input\":{\"@type\":\"PropertyValueSpecification\",\"valueRequired\":true,\"valueName\":\"search_term_string\"}}],\"inLanguage\":\"en-US\"},{\"@type\":\"Organization\",\"@id\":\"https:\/\/groupeageco.ca\/en\/#organization\",\"name\":\"Groupe Ag\u00e9co\",\"url\":\"https:\/\/groupeageco.ca\/en\/\",\"logo\":{\"@type\":\"ImageObject\",\"inLanguage\":\"en-US\",\"@id\":\"https:\/\/groupeageco.ca\/en\/#\/schema\/logo\/image\/\",\"url\":\"https:\/\/groupeageco.ca\/wp-content\/uploads\/Groupe-Ageco-Logo-retina.png\",\"contentUrl\":\"https:\/\/groupeageco.ca\/wp-content\/uploads\/Groupe-Ageco-Logo-retina.png\",\"width\":423,\"height\":170,\"caption\":\"Groupe Ag\u00e9co\"},\"image\":{\"@id\":\"https:\/\/groupeageco.ca\/en\/#\/schema\/logo\/image\/\"},\"sameAs\":[\"https:\/\/www.linkedin.com\/company\/groupe-ageco\/\"]}]}<\/script>\n<!-- \/ Yoast SEO plugin. -->","yoast_head_json":{"title":"Groupe AG\u00c9CO | Quebec Dairy Highlights","description":"These dairy statistics tables were produced by Groupe AG\u00c9CO as commissioned by the Producteurs de lait du Qu\u00e9bec (in French only).","robots":{"index":"index","follow":"follow","max-snippet":"max-snippet:-1","max-image-preview":"max-image-preview:large","max-video-preview":"max-video-preview:-1"},"canonical":"https:\/\/groupeageco.ca\/en\/quebec-dairy-highlights\/","og_locale":"en_US","og_type":"article","og_title":"Groupe AG\u00c9CO | Quebec Dairy Highlights","og_description":"These dairy statistics tables were produced by Groupe AG\u00c9CO as commissioned by the Producteurs de lait du Qu\u00e9bec (in French only).","og_url":"https:\/\/groupeageco.ca\/en\/quebec-dairy-highlights\/","og_site_name":"Groupe AG\u00c9CO","article_modified_time":"2022-04-28T13:30:24+00:00","twitter_card":"summary_large_image","twitter_misc":{"Est. reading time":"10 minutes"},"schema":{"@context":"https:\/\/schema.org","@graph":[{"@type":"WebPage","@id":"https:\/\/groupeageco.ca\/en\/quebec-dairy-highlights\/","url":"https:\/\/groupeageco.ca\/en\/quebec-dairy-highlights\/","name":"Groupe AG\u00c9CO | Quebec Dairy Highlights","isPartOf":{"@id":"https:\/\/groupeageco.ca\/en\/#website"},"datePublished":"2022-04-28T13:25:23+00:00","dateModified":"2022-04-28T13:30:24+00:00","description":"These dairy statistics tables were produced by Groupe AG\u00c9CO as commissioned by the Producteurs de lait du Qu\u00e9bec (in French only).","inLanguage":"en-US","potentialAction":[{"@type":"ReadAction","target":["https:\/\/groupeageco.ca\/en\/quebec-dairy-highlights\/"]}]},{"@type":"WebSite","@id":"https:\/\/groupeageco.ca\/en\/#website","url":"https:\/\/groupeageco.ca\/en\/","name":"Groupe Ag\u00e9co","description":"Groupe AG\u00c9CO","publisher":{"@id":"https:\/\/groupeageco.ca\/en\/#organization"},"potentialAction":[{"@type":"SearchAction","target":{"@type":"EntryPoint","urlTemplate":"https:\/\/groupeageco.ca\/en\/?s={search_term_string}"},"query-input":{"@type":"PropertyValueSpecification","valueRequired":true,"valueName":"search_term_string"}}],"inLanguage":"en-US"},{"@type":"Organization","@id":"https:\/\/groupeageco.ca\/en\/#organization","name":"Groupe Ag\u00e9co","url":"https:\/\/groupeageco.ca\/en\/","logo":{"@type":"ImageObject","inLanguage":"en-US","@id":"https:\/\/groupeageco.ca\/en\/#\/schema\/logo\/image\/","url":"https:\/\/groupeageco.ca\/wp-content\/uploads\/Groupe-Ageco-Logo-retina.png","contentUrl":"https:\/\/groupeageco.ca\/wp-content\/uploads\/Groupe-Ageco-Logo-retina.png","width":423,"height":170,"caption":"Groupe Ag\u00e9co"},"image":{"@id":"https:\/\/groupeageco.ca\/en\/#\/schema\/logo\/image\/"},"sameAs":["https:\/\/www.linkedin.com\/company\/groupe-ageco\/"]}]}},"_links":{"self":[{"href":"https:\/\/groupeageco.ca\/en\/wp-json\/wp\/v2\/pages\/1346","targetHints":{"allow":["GET"]}}],"collection":[{"href":"https:\/\/groupeageco.ca\/en\/wp-json\/wp\/v2\/pages"}],"about":[{"href":"https:\/\/groupeageco.ca\/en\/wp-json\/wp\/v2\/types\/page"}],"author":[{"embeddable":true,"href":"https:\/\/groupeageco.ca\/en\/wp-json\/wp\/v2\/users\/1"}],"replies":[{"embeddable":true,"href":"https:\/\/groupeageco.ca\/en\/wp-json\/wp\/v2\/comments?post=1346"}],"version-history":[{"count":12,"href":"https:\/\/groupeageco.ca\/en\/wp-json\/wp\/v2\/pages\/1346\/revisions"}],"predecessor-version":[{"id":1360,"href":"https:\/\/groupeageco.ca\/en\/wp-json\/wp\/v2\/pages\/1346\/revisions\/1360"}],"wp:attachment":[{"href":"https:\/\/groupeageco.ca\/en\/wp-json\/wp\/v2\/media?parent=1346"}],"curies":[{"name":"wp","href":"https:\/\/api.w.org\/{rel}","templated":true}]}}